{"id":6234,"date":"2026-04-07T14:49:52","date_gmt":"2026-04-07T17:49:52","guid":{"rendered":"https:\/\/leyard.com.br\/?page_id=6234"},"modified":"2026-04-07T15:00:54","modified_gmt":"2026-04-07T18:00:54","slug":"ainel-de-led-para-ambiente-corporativo","status":"publish","type":"page","link":"https:\/\/leyard.com.br\/esp\/ainel-de-led-para-ambiente-corporativo\/","title":{"rendered":"Painel de LED para Ambiente Corporativo"},"content":{"rendered":"<div data-elementor-type=\"wp-page\" data-elementor-id=\"6234\" class=\"elementor elementor-6234\" data-elementor-post-type=\"page\">\n\t\t\t\t<div class=\"elementor-element elementor-element-848a3f9 e-con-full e-flex e-con e-child\" data-id=\"848a3f9\" data-element_type=\"container\" data-e-type=\"container\" data-settings=\"{&quot;background_background&quot;:&quot;classic&quot;}\">\n\t\t\t\t<div class=\"elementor-element elementor-element-1d89869 elementor-widget__width-initial elementor-widget-mobile__width-initial elementor-widget elementor-widget-heading\" data-id=\"1d89869\" data-element_type=\"widget\" data-e-type=\"widget\" data-widget_type=\"heading.default\">\n\t\t\t\t<div class=\"elementor-widget-container\">\n\t\t\t\t\t<h1 class=\"elementor-heading-title elementor-size-default\">Painel de LED para Ambiente Corporativo<\/h1>\t\t\t\t<\/div>\n\t\t\t\t<\/div>\n\t\t\t\t<\/div>\n\t\t<div class=\"elementor-element elementor-element-ac1745f e-flex e-con-boxed e-con e-parent\" data-id=\"ac1745f\" data-element_type=\"container\" data-e-type=\"container\">\n\t\t\t\t\t<div class=\"e-con-inner\">\n\t\t\t\t<div class=\"elementor-element elementor-element-b384628 elementor-widget__width-initial elementor-widget elementor-widget-heading\" data-id=\"b384628\" data-element_type=\"widget\" data-e-type=\"widget\" data-widget_type=\"heading.default\">\n\t\t\t\t<div class=\"elementor-widget-container\">\n\t\t\t\t\t<h1 class=\"elementor-heading-title elementor-size-default\">Painel de LED para Ambiente Corporativo<\/h1>\t\t\t\t<\/div>\n\t\t\t\t<\/div>\n\t\t\t\t<div class=\"elementor-element elementor-element-d05b259 elementor-widget__width-initial elementor-widget elementor-widget-text-editor\" data-id=\"d05b259\" data-element_type=\"widget\" data-e-type=\"widget\" data-widget_type=\"text-editor.default\">\n\t\t\t\t<div class=\"elementor-widget-container\">\n\t\t\t\t\t\t\t\t\t<p>Comunica\u00e7\u00e3o Moderna e Impacto Visual nas Empresas<\/p>\t\t\t\t\t\t\t\t<\/div>\n\t\t\t\t<\/div>\n\t\t\t\t\t<\/div>\n\t\t\t\t<\/div>\n\t\t<div class=\"elementor-element elementor-element-5ba8227 e-flex e-con-boxed e-con e-parent\" data-id=\"5ba8227\" data-element_type=\"container\" data-e-type=\"container\">\n\t\t\t\t\t<div class=\"e-con-inner\">\n\t\t\t\t<div class=\"elementor-element elementor-element-8636a5d elementor-widget elementor-widget-image\" data-id=\"8636a5d\" data-element_type=\"widget\" data-e-type=\"widget\" data-widget_type=\"image.default\">\n\t\t\t\t<div class=\"elementor-widget-container\">\n\t\t\t\t\t\t\t\t\t\t\t\t\t\t\t<img fetchpriority=\"high\" decoding=\"async\" width=\"768\" height=\"513\" src=\"https:\/\/leyard.com.br\/wp-content\/uploads\/2026\/04\/alliancebernstein-768x513.png\" class=\"attachment-medium_large size-medium_large wp-image-6237\" alt=\"Painel de LED para Ambiente Corporativo\" srcset=\"https:\/\/leyard.com.br\/wp-content\/uploads\/2026\/04\/alliancebernstein-768x513.png 768w, https:\/\/leyard.com.br\/wp-content\/uploads\/2026\/04\/alliancebernstein-300x200.png 300w, https:\/\/leyard.com.br\/wp-content\/uploads\/2026\/04\/alliancebernstein-1024x684.png 1024w, https:\/\/leyard.com.br\/wp-content\/uploads\/2026\/04\/alliancebernstein-1536x1026.png 1536w, https:\/\/leyard.com.br\/wp-content\/uploads\/2026\/04\/alliancebernstein-18x12.png 18w, https:\/\/leyard.com.br\/wp-content\/uploads\/2026\/04\/alliancebernstein-600x401.png 600w, https:\/\/leyard.com.br\/wp-content\/uploads\/2026\/04\/alliancebernstein.png 1920w\" sizes=\"(max-width: 768px) 100vw, 768px\" \/>\t\t\t\t\t\t\t\t\t\t\t\t\t\t\t<\/div>\n\t\t\t\t<\/div>\n\t\t\t\t\t<\/div>\n\t\t\t\t<\/div>\n\t\t<div class=\"elementor-element elementor-element-fceb9fa e-flex e-con-boxed e-con e-parent\" data-id=\"fceb9fa\" data-element_type=\"container\" data-e-type=\"container\">\n\t\t\t\t\t<div class=\"e-con-inner\">\n\t\t\t\t<div class=\"elementor-element elementor-element-8348d4e elementor-widget__width-initial elementor-widget elementor-widget-text-editor\" data-id=\"8348d4e\" data-element_type=\"widget\" data-e-type=\"widget\" data-widget_type=\"text-editor.default\">\n\t\t\t\t<div class=\"elementor-widget-container\">\n\t\t\t\t\t\t\t\t\t<p data-start=\"325\" data-end=\"552\">El uso de <strong data-start=\"334\" data-end=\"377\">painel de LED para ambiente corporativo<\/strong> tem crescido significativamente no Brasil, impulsionado pela necessidade das empresas de modernizar sua comunica\u00e7\u00e3o interna e fortalecer a experi\u00eancia visual em seus espa\u00e7os.<\/p><p data-start=\"325\" data-end=\"552\">\u00a0<\/p><p data-start=\"554\" data-end=\"796\">Seja em recep\u00e7\u00f5es, salas de reuni\u00e3o, audit\u00f3rios ou \u00e1reas de conviv\u00eancia, os pain\u00e9is de LED v\u00eam sendo utilizados para transmitir informa\u00e7\u00f5es, apresentar conte\u00fados institucionais e valorizar a identidade da marca dentro do ambiente corporativo.<\/p><p data-start=\"554\" data-end=\"796\">\u00a0<\/p><p data-start=\"798\" data-end=\"974\">Al\u00e9m do aspecto visual, essa tecnologia contribui para uma comunica\u00e7\u00e3o mais clara, din\u00e2mica e alinhada com o posicionamento das empresas que buscam inova\u00e7\u00e3o e profissionalismo.<\/p><p data-start=\"798\" data-end=\"974\">\u00a0<\/p><p data-start=\"976\" data-end=\"1151\">Fabricantes globais como a Leyard desenvolvem solu\u00e7\u00f5es espec\u00edficas para o setor corporativo, com alta qualidade de imagem, confiabilidade e integra\u00e7\u00e3o com diferentes sistemas.<\/p>\t\t\t\t\t\t\t\t<\/div>\n\t\t\t\t<\/div>\n\t\t\t\t\t<\/div>\n\t\t\t\t<\/div>\n\t\t<div class=\"elementor-element elementor-element-62ebb52 e-flex e-con-boxed e-con e-parent\" data-id=\"62ebb52\" data-element_type=\"container\" data-e-type=\"container\">\n\t\t\t\t\t<div class=\"e-con-inner\">\n\t\t\t\t<div class=\"elementor-element elementor-element-ab73e6c elementor-widget elementor-widget-image\" data-id=\"ab73e6c\" data-element_type=\"widget\" data-e-type=\"widget\" data-widget_type=\"image.default\">\n\t\t\t\t<div class=\"elementor-widget-container\">\n\t\t\t\t\t\t\t\t\t\t\t\t\t\t\t<img decoding=\"async\" width=\"768\" height=\"513\" src=\"https:\/\/leyard.com.br\/wp-content\/uploads\/2025\/06\/download-42-768x513.png\" class=\"attachment-medium_large size-medium_large wp-image-2158\" alt=\"painel de LED para uso corporativo\" srcset=\"https:\/\/leyard.com.br\/wp-content\/uploads\/2025\/06\/download-42-768x513.png 768w, https:\/\/leyard.com.br\/wp-content\/uploads\/2025\/06\/download-42-300x200.png 300w, https:\/\/leyard.com.br\/wp-content\/uploads\/2025\/06\/download-42-1024x684.png 1024w, https:\/\/leyard.com.br\/wp-content\/uploads\/2025\/06\/download-42-1536x1026.png 1536w, https:\/\/leyard.com.br\/wp-content\/uploads\/2025\/06\/download-42.png 1920w\" sizes=\"(max-width: 768px) 100vw, 768px\" \/>\t\t\t\t\t\t\t\t\t\t\t\t\t\t\t<\/div>\n\t\t\t\t<\/div>\n\t\t\t\t\t<\/div>\n\t\t\t\t<\/div>\n\t\t<div class=\"elementor-element elementor-element-20b0a76 e-flex e-con-boxed e-con e-parent\" data-id=\"20b0a76\" data-element_type=\"container\" data-e-type=\"container\">\n\t\t\t\t\t<div class=\"e-con-inner\">\n\t\t\t\t<div class=\"elementor-element elementor-element-babe4e0 elementor-widget__width-initial elementor-widget elementor-widget-heading\" data-id=\"babe4e0\" data-element_type=\"widget\" data-e-type=\"widget\" data-widget_type=\"heading.default\">\n\t\t\t\t<div class=\"elementor-widget-container\">\n\t\t\t\t\t<h2 class=\"elementor-heading-title elementor-size-default\">Onde o painel de LED pode ser aplicado em empresas?<\/h2>\t\t\t\t<\/div>\n\t\t\t\t<\/div>\n\t\t\t\t\t<\/div>\n\t\t\t\t<\/div>\n\t\t<div class=\"elementor-element elementor-element-61ba442 e-flex e-con-boxed e-con e-parent\" data-id=\"61ba442\" data-element_type=\"container\" data-e-type=\"container\">\n\t\t\t\t\t<div class=\"e-con-inner\">\n\t\t\t\t<div class=\"elementor-element elementor-element-11f39c9 elementor-widget__width-initial elementor-widget elementor-widget-text-editor\" data-id=\"11f39c9\" data-element_type=\"widget\" data-e-type=\"widget\" data-widget_type=\"text-editor.default\">\n\t\t\t\t<div class=\"elementor-widget-container\">\n\t\t\t\t\t\t\t\t\t<p data-start=\"1222\" data-end=\"1459\">O painel de LED pode ser utilizado em diferentes espa\u00e7os corporativos, como recep\u00e7\u00f5es, onde ajuda a causar uma primeira impress\u00e3o mais impactante, ou em salas de reuni\u00e3o e audit\u00f3rios, facilitando apresenta\u00e7\u00f5es com maior qualidade visual.<\/p><p data-start=\"1222\" data-end=\"1459\">\u00a0<\/p><p data-start=\"1461\" data-end=\"1693\">Tamb\u00e9m \u00e9 amplamente aplicado em \u00e1reas internas para comunica\u00e7\u00e3o institucional, transmiss\u00e3o de indicadores, campanhas internas e conte\u00fados estrat\u00e9gicos, tornando a informa\u00e7\u00e3o mais acess\u00edvel e atrativa para colaboradores e visitantes.<\/p>\t\t\t\t\t\t\t\t<\/div>\n\t\t\t\t<\/div>\n\t\t\t\t\t<\/div>\n\t\t\t\t<\/div>\n\t\t<div class=\"elementor-element elementor-element-7780e2f e-flex e-con-boxed e-con e-parent\" data-id=\"7780e2f\" data-element_type=\"container\" data-e-type=\"container\">\n\t\t\t\t\t<div class=\"e-con-inner\">\n\t\t\t\t<div class=\"elementor-element elementor-element-daa1437 elementor-widget elementor-widget-image\" data-id=\"daa1437\" data-element_type=\"widget\" data-e-type=\"widget\" data-widget_type=\"image.default\">\n\t\t\t\t<div class=\"elementor-widget-container\">\n\t\t\t\t\t\t\t\t\t\t\t\t\t\t\t<img decoding=\"async\" width=\"768\" height=\"483\" src=\"https:\/\/leyard.com.br\/wp-content\/uploads\/2026\/04\/auditorios-imagem-768x483.jpg\" class=\"attachment-medium_large size-medium_large wp-image-6239\" alt=\"painel de LED para uso corporativo\" srcset=\"https:\/\/leyard.com.br\/wp-content\/uploads\/2026\/04\/auditorios-imagem-768x483.jpg 768w, https:\/\/leyard.com.br\/wp-content\/uploads\/2026\/04\/auditorios-imagem-300x189.jpg 300w, https:\/\/leyard.com.br\/wp-content\/uploads\/2026\/04\/auditorios-imagem-18x12.jpg 18w, https:\/\/leyard.com.br\/wp-content\/uploads\/2026\/04\/auditorios-imagem-600x377.jpg 600w, https:\/\/leyard.com.br\/wp-content\/uploads\/2026\/04\/auditorios-imagem.jpg 959w\" sizes=\"(max-width: 768px) 100vw, 768px\" \/>\t\t\t\t\t\t\t\t\t\t\t\t\t\t\t<\/div>\n\t\t\t\t<\/div>\n\t\t\t\t\t<\/div>\n\t\t\t\t<\/div>\n\t\t<div class=\"elementor-element elementor-element-f86aea5 e-flex e-con-boxed e-con e-parent\" data-id=\"f86aea5\" data-element_type=\"container\" data-e-type=\"container\">\n\t\t\t\t\t<div class=\"e-con-inner\">\n\t\t\t\t<div class=\"elementor-element elementor-element-744e124 elementor-widget__width-initial elementor-widget elementor-widget-heading\" data-id=\"744e124\" data-element_type=\"widget\" data-e-type=\"widget\" data-widget_type=\"heading.default\">\n\t\t\t\t<div class=\"elementor-widget-container\">\n\t\t\t\t\t<h2 class=\"elementor-heading-title elementor-size-default\">Benef\u00edcios do painel de LED no ambiente corporativo<\/h2>\t\t\t\t<\/div>\n\t\t\t\t<\/div>\n\t\t\t\t\t<\/div>\n\t\t\t\t<\/div>\n\t\t<div class=\"elementor-element elementor-element-b3beaff e-flex e-con-boxed e-con e-parent\" data-id=\"b3beaff\" data-element_type=\"container\" data-e-type=\"container\">\n\t\t\t\t\t<div class=\"e-con-inner\">\n\t\t\t\t<div class=\"elementor-element elementor-element-df723ee elementor-widget__width-initial elementor-widget elementor-widget-text-editor\" data-id=\"df723ee\" data-element_type=\"widget\" data-e-type=\"widget\" data-widget_type=\"text-editor.default\">\n\t\t\t\t<div class=\"elementor-widget-container\">\n\t\t\t\t\t\t\t\t\t<p data-start=\"1764\" data-end=\"1967\">A utiliza\u00e7\u00e3o de pain\u00e9is de LED no ambiente corporativo vai al\u00e9m da est\u00e9tica. A tecnologia permite atualiza\u00e7\u00f5es r\u00e1pidas de conte\u00fado, maior flexibilidade na comunica\u00e7\u00e3o e melhor aproveitamento dos espa\u00e7os.<\/p><p data-start=\"1969\" data-end=\"2171\">\u00a0<\/p><p data-start=\"1969\" data-end=\"2171\">Al\u00e9m disso, contribui para refor\u00e7ar a imagem da empresa como inovadora, melhora a experi\u00eancia em apresenta\u00e7\u00f5es e eventos internos, e facilita a padroniza\u00e7\u00e3o da comunica\u00e7\u00e3o visual em diferentes unidades.<\/p>\t\t\t\t\t\t\t\t<\/div>\n\t\t\t\t<\/div>\n\t\t\t\t\t<\/div>\n\t\t\t\t<\/div>\n\t\t<div class=\"elementor-element elementor-element-71efa8c e-flex e-con-boxed e-con e-parent\" data-id=\"71efa8c\" data-element_type=\"container\" data-e-type=\"container\">\n\t\t\t\t\t<div class=\"e-con-inner\">\n\t\t\t\t<div class=\"elementor-element elementor-element-9dbc51f elementor-widget__width-initial elementor-widget elementor-widget-heading\" data-id=\"9dbc51f\" data-element_type=\"widget\" data-e-type=\"widget\" data-widget_type=\"heading.default\">\n\t\t\t\t<div class=\"elementor-widget-container\">\n\t\t\t\t\t<h2 class=\"elementor-heading-title elementor-size-default\">Qual o melhor painel de LED para uso corporativo?<\/h2>\t\t\t\t<\/div>\n\t\t\t\t<\/div>\n\t\t\t\t\t<\/div>\n\t\t\t\t<\/div>\n\t\t<div class=\"elementor-element elementor-element-3a58f3e e-flex e-con-boxed e-con e-parent\" data-id=\"3a58f3e\" data-element_type=\"container\" data-e-type=\"container\">\n\t\t\t\t\t<div class=\"e-con-inner\">\n\t\t\t\t<div class=\"elementor-element elementor-element-3c0a962 elementor-widget__width-initial elementor-widget elementor-widget-text-editor\" data-id=\"3c0a962\" data-element_type=\"widget\" data-e-type=\"widget\" data-widget_type=\"text-editor.default\">\n\t\t\t\t<div class=\"elementor-widget-container\">\n\t\t\t\t\t\t\t\t\t<p data-start=\"2240\" data-end=\"2439\">A escolha do painel ideal depende do tipo de aplica\u00e7\u00e3o e da dist\u00e2ncia de visualiza\u00e7\u00e3o. Em ambientes internos, \u00e9 comum a utiliza\u00e7\u00e3o de pain\u00e9is com alta resolu\u00e7\u00e3o, garantindo nitidez e conforto visual.<\/p><p data-start=\"2441\" data-end=\"2607\">\u00a0<\/p><p data-start=\"2441\" data-end=\"2607\">Tamb\u00e9m \u00e9 importante considerar fatores como fidelidade de cor, uniformidade de imagem e facilidade de manuten\u00e7\u00e3o, especialmente em ambientes que exigem uso frequente.<\/p><p data-start=\"2609\" data-end=\"2752\">\u00a0<\/p><p data-start=\"2609\" data-end=\"2752\">Projetos corporativos geralmente demandam solu\u00e7\u00f5es personalizadas, alinhadas \u00e0 arquitetura do espa\u00e7o e aos objetivos de comunica\u00e7\u00e3o da empresa.<\/p>\t\t\t\t\t\t\t\t<\/div>\n\t\t\t\t<\/div>\n\t\t\t\t\t<\/div>\n\t\t\t\t<\/div>\n\t\t<div class=\"elementor-element elementor-element-474daf4 e-flex e-con-boxed e-con e-parent\" data-id=\"474daf4\" data-element_type=\"container\" data-e-type=\"container\">\n\t\t\t\t\t<div class=\"e-con-inner\">\n\t\t\t\t<div class=\"elementor-element elementor-element-070f055 elementor-widget__width-initial elementor-widget elementor-widget-text-editor\" data-id=\"070f055\" data-element_type=\"widget\" data-e-type=\"widget\" data-widget_type=\"text-editor.default\">\n\t\t\t\t<div class=\"elementor-widget-container\">\n\t\t\t\t\t\t\t\t\t<p>Para saber qu\u00e9 panel LED es el ideal para su proyecto, consulte con un especialista:<\/p><p>WhatsApp: (41) 99219-5297<br \/>Correo electr\u00f3nico: sales.brazil@leyardgroup.com<\/p>\t\t\t\t\t\t\t\t<\/div>\n\t\t\t\t<\/div>\n\t\t\t\t\t<\/div>\n\t\t\t\t<\/div>\n\t\t\t\t<\/div>","protected":false},"excerpt":{"rendered":"<p>Painel de LED para Ambiente Corporativo Painel de LED para Ambiente Corporativo Comunica\u00e7\u00e3o Moderna e Impacto Visual nas Empresas O uso de painel de LED para ambiente corporativo tem crescido significativamente no Brasil, impulsionado pela necessidade das empresas de modernizar sua comunica\u00e7\u00e3o interna e fortalecer a experi\u00eancia visual em seus espa\u00e7os. \u00a0 Seja em recep\u00e7\u00f5es, [&hellip;]<\/p>","protected":false},"author":4,"featured_media":0,"parent":0,"menu_order":0,"comment_status":"closed","ping_status":"closed","template":"","meta":{"footnotes":""},"class_list":["post-6234","page","type-page","status-publish","hentry"],"_links":{"self":[{"href":"https:\/\/leyard.com.br\/esp\/wp-json\/wp\/v2\/pages\/6234","targetHints":{"allow":["GET"]}}],"collection":[{"href":"https:\/\/leyard.com.br\/esp\/wp-json\/wp\/v2\/pages"}],"about":[{"href":"https:\/\/leyard.com.br\/esp\/wp-json\/wp\/v2\/types\/page"}],"author":[{"embeddable":true,"href":"https:\/\/leyard.com.br\/esp\/wp-json\/wp\/v2\/users\/4"}],"replies":[{"embeddable":true,"href":"https:\/\/leyard.com.br\/esp\/wp-json\/wp\/v2\/comments?post=6234"}],"version-history":[{"count":5,"href":"https:\/\/leyard.com.br\/esp\/wp-json\/wp\/v2\/pages\/6234\/revisions"}],"predecessor-version":[{"id":6242,"href":"https:\/\/leyard.com.br\/esp\/wp-json\/wp\/v2\/pages\/6234\/revisions\/6242"}],"wp:attachment":[{"href":"https:\/\/leyard.com.br\/esp\/wp-json\/wp\/v2\/media?parent=6234"}],"curies":[{"name":"wp","href":"https:\/\/api.w.org\/{rel}","templated":true}]}}